{"id":2625,"date":"2025-05-05T12:42:36","date_gmt":"2025-05-05T10:42:36","guid":{"rendered":"https:\/\/www.koch-furniere.de\/why-koch\/"},"modified":"2025-05-20T16:01:11","modified_gmt":"2025-05-20T14:01:11","slug":"why-koch","status":"publish","type":"page","link":"https:\/\/www.koch-furniere.de\/en\/why-koch\/","title":{"rendered":"Why KOCH"},"content":{"rendered":"    \n  \n\n  <div id=\"block_c1a050f883a9c93f4147725fbc3fc0a8\" class=\"block block--type-mo-page-header block--align-none block--spacing-m\">\n                <header class=\"page-header page-header--has-media page-header--no-animation\">\n    <div class=\"l-container\">\n      <div class=\"page-header__inner\">\n                  <figure class=\"page-header__media media-image\">\n              <picture>\n          <source data-srcset=\"https:\/\/www.koch-furniere.de\/wp-content\/uploads\/2025\/05\/Koch-Darum-wir-Christian-und-Florian-Koch-600x0-c-center.webp 600w 267h, https:\/\/www.koch-furniere.de\/wp-content\/uploads\/2025\/05\/Koch-Darum-wir-Christian-und-Florian-Koch-700x0-c-center.webp 700w 311h, https:\/\/www.koch-furniere.de\/wp-content\/uploads\/2025\/05\/Koch-Darum-wir-Christian-und-Florian-Koch-800x0-c-center.webp 800w 356h, https:\/\/www.koch-furniere.de\/wp-content\/uploads\/2025\/05\/Koch-Darum-wir-Christian-und-Florian-Koch-900x0-c-center.webp 900w 400h, https:\/\/www.koch-furniere.de\/wp-content\/uploads\/2025\/05\/Koch-Darum-wir-Christian-und-Florian-Koch-1000x0-c-center.webp 1000w 444h, https:\/\/www.koch-furniere.de\/wp-content\/uploads\/2025\/05\/Koch-Darum-wir-Christian-und-Florian-Koch-1100x0-c-center.webp 1100w 489h, https:\/\/www.koch-furniere.de\/wp-content\/uploads\/2025\/05\/Koch-Darum-wir-Christian-und-Florian-Koch-1200x0-c-center.webp 1200w 533h, https:\/\/www.koch-furniere.de\/wp-content\/uploads\/2025\/05\/Koch-Darum-wir-Christian-und-Florian-Koch-1300x0-c-center.webp 1300w 578h, https:\/\/www.koch-furniere.de\/wp-content\/uploads\/2025\/05\/Koch-Darum-wir-Christian-und-Florian-Koch-1400x0-c-center.webp 1400w 622h, https:\/\/www.koch-furniere.de\/wp-content\/uploads\/2025\/05\/Koch-Darum-wir-Christian-und-Florian-Koch-1500x0-c-center.webp 1500w 667h, https:\/\/www.koch-furniere.de\/wp-content\/uploads\/2025\/05\/Koch-Darum-wir-Christian-und-Florian-Koch-1600x0-c-center.webp 1600w 711h, https:\/\/www.koch-furniere.de\/wp-content\/uploads\/2025\/05\/Koch-Darum-wir-Christian-und-Florian-Koch-1700x0-c-center.webp 1700w 756h, https:\/\/www.koch-furniere.de\/wp-content\/uploads\/2025\/05\/Koch-Darum-wir-Christian-und-Florian-Koch-1800x0-c-center.webp 1800w 800h, https:\/\/www.koch-furniere.de\/wp-content\/uploads\/2025\/05\/Koch-Darum-wir-Christian-und-Florian-Koch-1900x0-c-center.webp 1900w 844h, https:\/\/www.koch-furniere.de\/wp-content\/uploads\/2025\/05\/Koch-Darum-wir-Christian-und-Florian-Koch-2000x0-c-center.webp 2000w 889h, https:\/\/www.koch-furniere.de\/wp-content\/uploads\/2025\/05\/Koch-Darum-wir-Christian-und-Florian-Koch-2100x0-c-center.webp 2100w 933h, https:\/\/www.koch-furniere.de\/wp-content\/uploads\/2025\/05\/Koch-Darum-wir-Christian-und-Florian-Koch-2200x0-c-center.webp 2200w 978h, https:\/\/www.koch-furniere.de\/wp-content\/uploads\/2025\/05\/Koch-Darum-wir-Christian-und-Florian-Koch-2300x0-c-center.webp 2300w 1022h, https:\/\/www.koch-furniere.de\/wp-content\/uploads\/2025\/05\/Koch-Darum-wir-Christian-und-Florian-Koch-2400x0-c-center.webp 2400w 1067h, https:\/\/www.koch-furniere.de\/wp-content\/uploads\/2025\/05\/Koch-Darum-wir-Christian-und-Florian-Koch-2500x0-c-center.webp 2500w 1111h, https:\/\/www.koch-furniere.de\/wp-content\/uploads\/2025\/05\/Koch-Darum-wir-Christian-und-Florian-Koch-2600x0-c-center.webp 2600w 1156h, https:\/\/www.koch-furniere.de\/wp-content\/uploads\/2025\/05\/Koch-Darum-wir-Christian-und-Florian-Koch-2700x0-c-center.webp 2700w 1200h, https:\/\/www.koch-furniere.de\/wp-content\/uploads\/2025\/05\/Koch-Darum-wir-Christian-und-Florian-Koch-2700x0-c-center.webp 2700w 1200h\" type=\"image\/webp\">\n            <img loading=\"lazy\" decoding=\"async\" class=\" cover-img lazyload js-lazyload\"  alt=\"\" src=\"data:image\/gif;base64,R0lGODlhAQABAAAAACH5BAEKAAEALAAAAAABAAEAAAICTAEAOw==\" data-src=\"https:\/\/www.koch-furniere.de\/wp-content\/uploads\/2025\/05\/Koch-Darum-wir-Christian-und-Florian-Koch-2700x0-c-center.jpg\" data-sizes=\"auto\" width=\"2700\" height=\"1200\"  data-parent-fit=\"cover\">\n  <\/picture>\n  \n          <\/figure>\n                <div class=\"page-header__content\">\n          <div class=\"l-column\">\n                        <h1 class=\"page-header__title t-h1\">\n              Five reasons that speak for us.\n            <\/h1>              <div class=\"page-header__subtitle t-body-l m-t-xs\">\n                Why KOCH\n              <\/div>\n                                  <\/div>\n        <\/div>\n      <\/div>\n    <\/div>\n  <\/header>\n\n      <\/div>\n\n  <div class=\"block block--type-core block--type-core-paragraph block--spacing-xs block--text-align-left block--font-size-t-body-l \">\n    <div class=\"l-container\">\n      <div class=\"l-column t-content\">\n        \n<p class=\"has-t-body-l-font-size\">At KOCH, cross-generational expertise and a global network combine to create a place full of inspiration. This requires a keen instinct for discovering exceptional woods and making them available to our customers &#8211; this has always been our driving force. <\/p>\n\n      <\/div>\n    <\/div>\n  <\/div>\n\n    \n  \n\n  <div id=\"block_bafad14dd3dda43a3c09a6411432559e\" class=\"block block--type-mo-facts block--align-none block--spacing-l\">\n                    <div class=\"l-container\">\n      <div class=\"facts\">\n                  <div class=\"fact\">\n            <div class=\"fact__counter\" aria-hidden=\"true\"><\/div>\n                          <figure class=\"fact__image media-image\">\n                <div class=\"media-image__placeholder\" style=\"--aspect-ratio:3\/2;\">\n                    <picture>\n          <source data-srcset=\"https:\/\/www.koch-furniere.de\/wp-content\/uploads\/2025\/05\/Koch-Darum-wir-Service-2-300x200-c-center.webp 300w 200h, https:\/\/www.koch-furniere.de\/wp-content\/uploads\/2025\/05\/Koch-Darum-wir-Service-2-400x267-c-center.webp 400w 267h, https:\/\/www.koch-furniere.de\/wp-content\/uploads\/2025\/05\/Koch-Darum-wir-Service-2-500x333-c-center.webp 500w 333h, https:\/\/www.koch-furniere.de\/wp-content\/uploads\/2025\/05\/Koch-Darum-wir-Service-2-600x400-c-center.webp 600w 400h, https:\/\/www.koch-furniere.de\/wp-content\/uploads\/2025\/05\/Koch-Darum-wir-Service-2-700x467-c-center.webp 700w 467h, https:\/\/www.koch-furniere.de\/wp-content\/uploads\/2025\/05\/Koch-Darum-wir-Service-2-800x533-c-center.webp 800w 533h, https:\/\/www.koch-furniere.de\/wp-content\/uploads\/2025\/05\/Koch-Darum-wir-Service-2-900x600-c-center.webp 900w 600h, https:\/\/www.koch-furniere.de\/wp-content\/uploads\/2025\/05\/Koch-Darum-wir-Service-2-1000x667-c-center.webp 1000w 667h\" type=\"image\/webp\">\n            <img loading=\"lazy\" decoding=\"async\" class=\"lazyload js-lazyload\"  alt=\"\" src=\"data:image\/gif;base64,R0lGODlhAQABAAAAACH5BAEKAAEALAAAAAABAAEAAAICTAEAOw==\" data-src=\"https:\/\/www.koch-furniere.de\/wp-content\/uploads\/2025\/05\/Koch-Darum-wir-Service-2-1000x667-c-center.jpg\" data-sizes=\"auto\" width=\"1000\" height=\"667\" >\n  <\/picture>\n  \n                <\/div>\n              <\/figure>\n                        <div class=\"fact__content\">\n              <h3 class=\"fact__title t-h2\">Service<\/h3>\n                              <p class=\"fact__text m-t-xxs\">\n                  Gro\u00dfe Lagerkapazit\u00e4t, breites Sortiment, Flexibilit\u00e4t, Kundenservice und Kundenbetreuung\n                <\/p>\n                          <\/div>\n          <\/div>\n                  <div class=\"fact\">\n            <div class=\"fact__counter\" aria-hidden=\"true\"><\/div>\n                          <figure class=\"fact__image media-image\">\n                <div class=\"media-image__placeholder\" style=\"--aspect-ratio:3\/2;\">\n                    <picture>\n          <source data-srcset=\"https:\/\/www.koch-furniere.de\/wp-content\/uploads\/2025\/05\/Koch-Darum-wir_kompetente-Beratung-300x200-c-center.webp 300w 200h, https:\/\/www.koch-furniere.de\/wp-content\/uploads\/2025\/05\/Koch-Darum-wir_kompetente-Beratung-400x267-c-center.webp 400w 267h, https:\/\/www.koch-furniere.de\/wp-content\/uploads\/2025\/05\/Koch-Darum-wir_kompetente-Beratung-500x333-c-center.webp 500w 333h, https:\/\/www.koch-furniere.de\/wp-content\/uploads\/2025\/05\/Koch-Darum-wir_kompetente-Beratung-600x400-c-center.webp 600w 400h, https:\/\/www.koch-furniere.de\/wp-content\/uploads\/2025\/05\/Koch-Darum-wir_kompetente-Beratung-700x467-c-center.webp 700w 467h, https:\/\/www.koch-furniere.de\/wp-content\/uploads\/2025\/05\/Koch-Darum-wir_kompetente-Beratung-800x533-c-center.webp 800w 533h, https:\/\/www.koch-furniere.de\/wp-content\/uploads\/2025\/05\/Koch-Darum-wir_kompetente-Beratung-900x600-c-center.webp 900w 600h, https:\/\/www.koch-furniere.de\/wp-content\/uploads\/2025\/05\/Koch-Darum-wir_kompetente-Beratung-1000x667-c-center.webp 1000w 667h\" type=\"image\/webp\">\n            <img loading=\"lazy\" decoding=\"async\" class=\"lazyload js-lazyload\"  alt=\"\" src=\"data:image\/gif;base64,R0lGODlhAQABAAAAACH5BAEKAAEALAAAAAABAAEAAAICTAEAOw==\" data-src=\"https:\/\/www.koch-furniere.de\/wp-content\/uploads\/2025\/05\/Koch-Darum-wir_kompetente-Beratung-1000x667-c-center.jpg\" data-sizes=\"auto\" width=\"1000\" height=\"667\" >\n  <\/picture>\n  \n                <\/div>\n              <\/figure>\n                        <div class=\"fact__content\">\n              <h3 class=\"fact__title t-h2\">Competent advice<\/h3>\n                              <p class=\"fact__text m-t-xxs\">\n                  Durch langj\u00e4hriges und geschultes Fachpersonal sowie fachm\u00e4nnische Ausbildung von Nachwuchskr\u00e4ften\n                <\/p>\n                          <\/div>\n          <\/div>\n                  <div class=\"fact\">\n            <div class=\"fact__counter\" aria-hidden=\"true\"><\/div>\n                          <figure class=\"fact__image media-image\">\n                <div class=\"media-image__placeholder\" style=\"--aspect-ratio:3\/2;\">\n                    <picture>\n          <source data-srcset=\"https:\/\/www.koch-furniere.de\/wp-content\/uploads\/2025\/05\/Koch-Darum-Koch-Qualitaet-300x200-c-center.webp 300w 200h, https:\/\/www.koch-furniere.de\/wp-content\/uploads\/2025\/05\/Koch-Darum-Koch-Qualitaet-400x267-c-center.webp 400w 267h, https:\/\/www.koch-furniere.de\/wp-content\/uploads\/2025\/05\/Koch-Darum-Koch-Qualitaet-500x333-c-center.webp 500w 333h, https:\/\/www.koch-furniere.de\/wp-content\/uploads\/2025\/05\/Koch-Darum-Koch-Qualitaet-600x400-c-center.webp 600w 400h, https:\/\/www.koch-furniere.de\/wp-content\/uploads\/2025\/05\/Koch-Darum-Koch-Qualitaet-700x467-c-center.webp 700w 467h, https:\/\/www.koch-furniere.de\/wp-content\/uploads\/2025\/05\/Koch-Darum-Koch-Qualitaet-800x533-c-center.webp 800w 533h, https:\/\/www.koch-furniere.de\/wp-content\/uploads\/2025\/05\/Koch-Darum-Koch-Qualitaet-900x600-c-center.webp 900w 600h, https:\/\/www.koch-furniere.de\/wp-content\/uploads\/2025\/05\/Koch-Darum-Koch-Qualitaet-1000x667-c-center.webp 1000w 667h\" type=\"image\/webp\">\n            <img loading=\"lazy\" decoding=\"async\" class=\"lazyload js-lazyload\"  alt=\"\" src=\"data:image\/gif;base64,R0lGODlhAQABAAAAACH5BAEKAAEALAAAAAABAAEAAAICTAEAOw==\" data-src=\"https:\/\/www.koch-furniere.de\/wp-content\/uploads\/2025\/05\/Koch-Darum-Koch-Qualitaet-1000x667-c-center.jpg\" data-sizes=\"auto\" width=\"1000\" height=\"667\" >\n  <\/picture>\n  \n                <\/div>\n              <\/figure>\n                        <div class=\"fact__content\">\n              <h3 class=\"fact__title t-h2\">Quality<\/h3>\n                              <p class=\"fact__text m-t-xxs\">\n                  Durch erlesene, sorgf\u00e4ltige Auswahl und Aufarbeitung unserer Produkte ist unser hoher Anspruch f\u00fcr kundenspezifische Sortierung und Qualit\u00e4t stets gew\u00e4hrleistet\n                <\/p>\n                          <\/div>\n          <\/div>\n                  <div class=\"fact\">\n            <div class=\"fact__counter\" aria-hidden=\"true\"><\/div>\n                          <figure class=\"fact__image media-image\">\n                <div class=\"media-image__placeholder\" style=\"--aspect-ratio:3\/2;\">\n                    <picture>\n          <source data-srcset=\"https:\/\/www.koch-furniere.de\/wp-content\/uploads\/2025\/05\/Koch-Darum-wir-Nachhaltigkeit-300x200-c-center.webp 300w 200h, https:\/\/www.koch-furniere.de\/wp-content\/uploads\/2025\/05\/Koch-Darum-wir-Nachhaltigkeit-400x267-c-center.webp 400w 267h, https:\/\/www.koch-furniere.de\/wp-content\/uploads\/2025\/05\/Koch-Darum-wir-Nachhaltigkeit-500x333-c-center.webp 500w 333h, https:\/\/www.koch-furniere.de\/wp-content\/uploads\/2025\/05\/Koch-Darum-wir-Nachhaltigkeit-600x400-c-center.webp 600w 400h, https:\/\/www.koch-furniere.de\/wp-content\/uploads\/2025\/05\/Koch-Darum-wir-Nachhaltigkeit-700x467-c-center.webp 700w 467h, https:\/\/www.koch-furniere.de\/wp-content\/uploads\/2025\/05\/Koch-Darum-wir-Nachhaltigkeit-800x533-c-center.webp 800w 533h, https:\/\/www.koch-furniere.de\/wp-content\/uploads\/2025\/05\/Koch-Darum-wir-Nachhaltigkeit-900x600-c-center.webp 900w 600h, https:\/\/www.koch-furniere.de\/wp-content\/uploads\/2025\/05\/Koch-Darum-wir-Nachhaltigkeit-1000x667-c-center.webp 1000w 667h\" type=\"image\/webp\">\n            <img loading=\"lazy\" decoding=\"async\" class=\"lazyload js-lazyload\"  alt=\"\" src=\"data:image\/gif;base64,R0lGODlhAQABAAAAACH5BAEKAAEALAAAAAABAAEAAAICTAEAOw==\" data-src=\"https:\/\/www.koch-furniere.de\/wp-content\/uploads\/2025\/05\/Koch-Darum-wir-Nachhaltigkeit-1000x667-c-center.jpg\" data-sizes=\"auto\" width=\"1000\" height=\"667\" >\n  <\/picture>\n  \n                <\/div>\n              <\/figure>\n                        <div class=\"fact__content\">\n              <h3 class=\"fact__title t-h2\">Sustainability<\/h3>\n                              <p class=\"fact__text m-t-xxs\">\n                  Unsere Eink\u00e4ufer sind vor Ort, kennen die Lieferanten, pr\u00fcfen die Ware und achten besonders auf die Herkunft aus einer nachhaltigen Forstwirtschaft\n                <\/p>\n                          <\/div>\n          <\/div>\n                  <div class=\"fact\">\n            <div class=\"fact__counter\" aria-hidden=\"true\"><\/div>\n                          <figure class=\"fact__image media-image\">\n                <div class=\"media-image__placeholder\" style=\"--aspect-ratio:3\/2;\">\n                    <picture>\n          <source data-srcset=\"https:\/\/www.koch-furniere.de\/wp-content\/uploads\/2025\/05\/Koch-Darum-wir-Produktvielfalt-2-300x200-c-center.webp 300w 200h, https:\/\/www.koch-furniere.de\/wp-content\/uploads\/2025\/05\/Koch-Darum-wir-Produktvielfalt-2-400x267-c-center.webp 400w 267h, https:\/\/www.koch-furniere.de\/wp-content\/uploads\/2025\/05\/Koch-Darum-wir-Produktvielfalt-2-500x333-c-center.webp 500w 333h, https:\/\/www.koch-furniere.de\/wp-content\/uploads\/2025\/05\/Koch-Darum-wir-Produktvielfalt-2-600x400-c-center.webp 600w 400h, https:\/\/www.koch-furniere.de\/wp-content\/uploads\/2025\/05\/Koch-Darum-wir-Produktvielfalt-2-700x467-c-center.webp 700w 467h, https:\/\/www.koch-furniere.de\/wp-content\/uploads\/2025\/05\/Koch-Darum-wir-Produktvielfalt-2-800x533-c-center.webp 800w 533h, https:\/\/www.koch-furniere.de\/wp-content\/uploads\/2025\/05\/Koch-Darum-wir-Produktvielfalt-2-900x600-c-center.webp 900w 600h, https:\/\/www.koch-furniere.de\/wp-content\/uploads\/2025\/05\/Koch-Darum-wir-Produktvielfalt-2-978x652-c-center.webp 978w 652h\" type=\"image\/webp\">\n            <img loading=\"lazy\" decoding=\"async\" class=\"lazyload js-lazyload\"  alt=\"\" src=\"data:image\/gif;base64,R0lGODlhAQABAAAAACH5BAEKAAEALAAAAAABAAEAAAICTAEAOw==\" data-src=\"https:\/\/www.koch-furniere.de\/wp-content\/uploads\/2025\/05\/Koch-Darum-wir-Produktvielfalt-2-978x652-c-center.jpg\" data-sizes=\"auto\" width=\"978\" height=\"652\" >\n  <\/picture>\n  \n                <\/div>\n              <\/figure>\n                        <div class=\"fact__content\">\n              <h3 class=\"fact__title t-h2\">Diversity<\/h3>\n                              <p class=\"fact__text m-t-xxs\">\n                  Finden Sie bei uns Furniere, Schnitth\u00f6lzer und Massivholzplatten in \u00fcber 130 verschiedenen Holzarten\n                <\/p>\n                          <\/div>\n          <\/div>\n              <\/div>\n    <\/div>\n  \n      <\/div>\n    \n  \n\n  <div id=\"block_47a00f4d706e1b0fc45ac4b6c1cf60dc\" class=\"block block--type-mo-single-post-teaser block--align-none block--spacing-l\">\n                    <div class=\"l-container\">\n      <div class=\"single-post-teaser\">\n        <svg role=\"presentation\" class=\"single-post-teaser__deco deco-diagonal\" aria-hidden=\"true\"><use xlink:href=\"https:\/\/www.koch-furniere.de\/wp-content\/themes\/koch-furniere\/assets\/svg-sprite\/ui.svg?v=1.1.5#diagonal\"><\/use>\n\t\t\t<\/svg>\n        <div class=\"single-post-teaser__content\">\n          <p class=\"single-post-teaser__kicker\">News<\/p>\n          <h3 class=\"single-post-teaser__title t-h2\">\n            <a href=\"https:\/\/www.koch-furniere.de\/en\/company-holiday\/\">Company Holiday<\/a>\n          <\/h3>\n        <\/div>\n      <\/div>\n    <\/div>\n  \n      <\/div>\n","protected":false},"excerpt":{"rendered":"<p>At KOCH, cross-generational expertise and a global network combine to create a place full of inspiration. This requires a keen instinct for discovering exceptional woods and making them available to our customers &#8211; this has always been our driving force.<\/p>\n","protected":false},"author":2,"featured_media":2484,"parent":0,"menu_order":19,"comment_status":"closed","ping_status":"closed","template":"","meta":{"_acf_changed":false,"_relevanssi_hide_post":"","_relevanssi_hide_content":"","_relevanssi_pin_for_all":"","_relevanssi_pin_keywords":"","_relevanssi_unpin_keywords":"","_relevanssi_related_keywords":"","_relevanssi_related_include_ids":"","_relevanssi_related_exclude_ids":"","_relevanssi_related_no_append":"","_relevanssi_related_not_related":"","_relevanssi_related_posts":"","_relevanssi_noindex_reason":"","footnotes":""},"class_list":["post-2625","page","type-page","status-publish","has-post-thumbnail","hentry"],"acf":[],"_links":{"self":[{"href":"https:\/\/www.koch-furniere.de\/en\/wp-json\/wp\/v2\/pages\/2625","targetHints":{"allow":["GET"]}}],"collection":[{"href":"https:\/\/www.koch-furniere.de\/en\/wp-json\/wp\/v2\/pages"}],"about":[{"href":"https:\/\/www.koch-furniere.de\/en\/wp-json\/wp\/v2\/types\/page"}],"author":[{"embeddable":true,"href":"https:\/\/www.koch-furniere.de\/en\/wp-json\/wp\/v2\/users\/2"}],"replies":[{"embeddable":true,"href":"https:\/\/www.koch-furniere.de\/en\/wp-json\/wp\/v2\/comments?post=2625"}],"version-history":[{"count":2,"href":"https:\/\/www.koch-furniere.de\/en\/wp-json\/wp\/v2\/pages\/2625\/revisions"}],"predecessor-version":[{"id":3008,"href":"https:\/\/www.koch-furniere.de\/en\/wp-json\/wp\/v2\/pages\/2625\/revisions\/3008"}],"wp:featuredmedia":[{"embeddable":true,"href":"https:\/\/www.koch-furniere.de\/en\/wp-json\/wp\/v2\/media\/2484"}],"wp:attachment":[{"href":"https:\/\/www.koch-furniere.de\/en\/wp-json\/wp\/v2\/media?parent=2625"}],"curies":[{"name":"wp","href":"https:\/\/api.w.org\/{rel}","templated":true}]}}